{"id":60,"date":"2023-10-04T08:01:02","date_gmt":"2023-10-04T08:01:02","guid":{"rendered":"https:\/\/muenchen.portugal.de\/?page_id=60"},"modified":"2023-10-16T08:38:07","modified_gmt":"2023-10-16T08:38:07","slug":"netzwerk","status":"publish","type":"page","link":"https:\/\/muenchen.portugal.de\/pt\/portugal-in-muenchen\/netzwerk\/","title":{"rendered":"Rede"},"content":{"rendered":"<div data-elementor-type=\"wp-page\" data-elementor-id=\"60\" class=\"elementor elementor-60\">\n\t\t\t\t\t\t<section class=\"elementor-section elementor-top-section elementor-element elementor-element-47c44ef2 elementor-section-boxed elementor-section-height-default elementor-section-height-default\" data-id=\"47c44ef2\" data-element_type=\"section\" data-e-type=\"section\">\n\t\t\t\t\t\t<div class=\"elementor-container elementor-column-gap-default\">\n\t\t\t\t\t<div class=\"elementor-column elementor-col-100 elementor-top-column elementor-element elementor-element-2f2770d1\" data-id=\"2f2770d1\" data-element_type=\"column\" data-e-type=\"column\">\n\t\t\t<div class=\"elementor-widget-wrap elementor-element-populated\">\n\t\t\t\t\t\t<div class=\"elementor-element elementor-element-1087bcaa elementor-widget elementor-widget-heading\" data-id=\"1087bcaa\" data-element_type=\"widget\" data-e-type=\"widget\" data-widget_type=\"heading.default\">\n\t\t\t\t<div class=\"elementor-widget-container\">\n\t\t\t\t\t<h1 class=\"elementor-heading-title elementor-size-default\">Rede<\/h1>\t\t\t\t<\/div>\n\t\t\t\t<\/div>\n\t\t\t\t\t<\/div>\n\t\t<\/div>\n\t\t\t\t\t<\/div>\n\t\t<\/section>\n\t\t\t\t<section class=\"elementor-section elementor-top-section elementor-element elementor-element-44c9163f elementor-section-boxed elementor-section-height-default elementor-section-height-default\" data-id=\"44c9163f\" data-element_type=\"section\" data-e-type=\"section\">\n\t\t\t\t\t\t<div class=\"elementor-container elementor-column-gap-default\">\n\t\t\t\t\t<div class=\"elementor-column elementor-col-100 elementor-top-column elementor-element elementor-element-5ea8648b\" data-id=\"5ea8648b\" data-element_type=\"column\" data-e-type=\"column\">\n\t\t\t<div class=\"elementor-widget-wrap elementor-element-populated\">\n\t\t\t\t\t\t<div class=\"elementor-element elementor-element-48956751 elementor-widget elementor-widget-heading\" data-id=\"48956751\" data-element_type=\"widget\" data-e-type=\"widget\" data-widget_type=\"heading.default\">\n\t\t\t\t<div class=\"elementor-widget-container\">\n\t\t\t\t\t<h3 class=\"elementor-heading-title elementor-size-default\">Institui\u00e7\u00f5es<\/h3>\t\t\t\t<\/div>\n\t\t\t\t<\/div>\n\t\t\t\t\t<\/div>\n\t\t<\/div>\n\t\t\t\t\t<\/div>\n\t\t<\/section>\n\t\t\t\t<section class=\"elementor-section elementor-top-section elementor-element elementor-element-56582c28 elementor-section-boxed elementor-section-height-default elementor-section-height-default\" data-id=\"56582c28\" data-element_type=\"section\" data-e-type=\"section\">\n\t\t\t\t\t\t<div class=\"elementor-container elementor-column-gap-default\">\n\t\t\t\t\t<div class=\"elementor-column elementor-col-33 elementor-top-column elementor-element elementor-element-53830f1\" data-id=\"53830f1\" data-element_type=\"column\" data-e-type=\"column\">\n\t\t\t<div class=\"elementor-widget-wrap elementor-element-populated\">\n\t\t\t\t\t\t<div class=\"elementor-element elementor-element-6ca7600b elementor-widget elementor-widget-image\" data-id=\"6ca7600b\" data-element_type=\"widget\" data-e-type=\"widget\" data-widget_type=\"image.default\">\n\t\t\t\t<div class=\"elementor-widget-container\">\n\t\t\t\t\t\t\t\t\t\t\t\t\t\t\t\t<a href=\"https:\/\/muenchen.portugal.de\/pt\/portugal-in-muenchen\/netzwerk\/konsultarabteilung\/\">\n\t\t\t\t\t\t\t<img fetchpriority=\"high\" decoding=\"async\" width=\"275\" height=\"275\" src=\"https:\/\/muenchen.portugal.de\/wp-content\/uploads\/2023\/10\/botschaft_von_portugal.png\" class=\"elementor-animation-grow attachment-large size-large wp-image-153\" alt=\"\" srcset=\"https:\/\/muenchen.portugal.de\/wp-content\/uploads\/2023\/10\/botschaft_von_portugal.png 275w, https:\/\/muenchen.portugal.de\/wp-content\/uploads\/2023\/10\/botschaft_von_portugal-150x150.png 150w, https:\/\/muenchen.portugal.de\/wp-content\/uploads\/2023\/10\/botschaft_von_portugal-12x12.png 12w\" sizes=\"100vw\" \/>\t\t\t\t\t\t\t\t<\/a>\n\t\t\t\t\t\t\t\t\t\t\t\t\t\t\t<\/div>\n\t\t\t\t<\/div>\n\t\t\t\t<div class=\"elementor-element elementor-element-5b24b6b0 elementor-widget elementor-widget-heading\" data-id=\"5b24b6b0\" data-element_type=\"widget\" data-e-type=\"widget\" data-widget_type=\"heading.default\">\n\t\t\t\t<div class=\"elementor-widget-container\">\n\t\t\t\t\t<h4 class=\"elementor-heading-title elementor-size-medium\">Consulado Honor\u00e1rio<\/h4>\t\t\t\t<\/div>\n\t\t\t\t<\/div>\n\t\t\t\t\t<\/div>\n\t\t<\/div>\n\t\t\t\t<div class=\"elementor-column elementor-col-33 elementor-top-column elementor-element elementor-element-6f3a3057\" data-id=\"6f3a3057\" data-element_type=\"column\" data-e-type=\"column\">\n\t\t\t<div class=\"elementor-widget-wrap\">\n\t\t\t\t\t\t\t<\/div>\n\t\t<\/div>\n\t\t\t\t<div class=\"elementor-column elementor-col-33 elementor-top-column elementor-element elementor-element-4e47e2c\" data-id=\"4e47e2c\" data-element_type=\"column\" data-e-type=\"column\">\n\t\t\t<div class=\"elementor-widget-wrap\">\n\t\t\t\t\t\t\t<\/div>\n\t\t<\/div>\n\t\t\t\t\t<\/div>\n\t\t<\/section>\n\t\t\t\t<section class=\"elementor-section elementor-top-section elementor-element elementor-element-5b16fc8d elementor-section-boxed elementor-section-height-default elementor-section-height-default\" data-id=\"5b16fc8d\" data-element_type=\"section\" data-e-type=\"section\">\n\t\t\t\t\t\t<div class=\"elementor-container elementor-column-gap-default\">\n\t\t\t\t\t<div class=\"elementor-column elementor-col-100 elementor-top-column elementor-element elementor-element-20a1ee4f\" data-id=\"20a1ee4f\" data-element_type=\"column\" data-e-type=\"column\">\n\t\t\t<div class=\"elementor-widget-wrap elementor-element-populated\">\n\t\t\t\t\t\t<div class=\"elementor-element elementor-element-45fc1bfa elementor-widget elementor-widget-heading\" data-id=\"45fc1bfa\" data-element_type=\"widget\" data-e-type=\"widget\" data-widget_type=\"heading.default\">\n\t\t\t\t<div class=\"elementor-widget-container\">\n\t\t\t\t\t<h3 class=\"elementor-heading-title elementor-size-default\">Associa\u00e7\u00f5es<\/h3>\t\t\t\t<\/div>\n\t\t\t\t<\/div>\n\t\t\t\t\t<\/div>\n\t\t<\/div>\n\t\t\t\t\t<\/div>\n\t\t<\/section>\n\t\t\t\t<section class=\"elementor-section elementor-top-section elementor-element elementor-element-1851d063 elementor-section-boxed elementor-section-height-default elementor-section-height-default\" data-id=\"1851d063\" data-element_type=\"section\" data-e-type=\"section\">\n\t\t\t\t\t\t<div class=\"elementor-container elementor-column-gap-default\">\n\t\t\t\t\t<div class=\"elementor-column elementor-col-33 elementor-top-column elementor-element elementor-element-d39a28a\" data-id=\"d39a28a\" data-element_type=\"column\" data-e-type=\"column\">\n\t\t\t<div class=\"elementor-widget-wrap elementor-element-populated\">\n\t\t\t\t\t\t<div class=\"elementor-element elementor-element-59b446e8 elementor-widget elementor-widget-image\" data-id=\"59b446e8\" data-element_type=\"widget\" data-e-type=\"widget\" data-widget_type=\"image.default\">\n\t\t\t\t<div class=\"elementor-widget-container\">\n\t\t\t\t\t\t\t\t\t\t\t\t\t\t\t\t<a href=\"https:\/\/muenchen.portugal.de\/pt\/portugal-in-muenchen\/netzwerk\/associacao-recreativa-portuguesa\/\">\n\t\t\t\t\t\t\t<img decoding=\"async\" width=\"240\" height=\"240\" src=\"https:\/\/muenchen.portugal.de\/wp-content\/uploads\/2023\/10\/associacao-recreativa-portuguesa.jpg\" class=\"elementor-animation-grow attachment-large size-large wp-image-220\" alt=\"\" srcset=\"https:\/\/muenchen.portugal.de\/wp-content\/uploads\/2023\/10\/associacao-recreativa-portuguesa.jpg 240w, https:\/\/muenchen.portugal.de\/wp-content\/uploads\/2023\/10\/associacao-recreativa-portuguesa-150x150.jpg 150w, https:\/\/muenchen.portugal.de\/wp-content\/uploads\/2023\/10\/associacao-recreativa-portuguesa-12x12.jpg 12w\" sizes=\"100vw\" \/>\t\t\t\t\t\t\t\t<\/a>\n\t\t\t\t\t\t\t\t\t\t\t\t\t\t\t<\/div>\n\t\t\t\t<\/div>\n\t\t\t\t<div class=\"elementor-element elementor-element-4cde9874 elementor-widget elementor-widget-heading\" data-id=\"4cde9874\" data-element_type=\"widget\" data-e-type=\"widget\" data-widget_type=\"heading.default\">\n\t\t\t\t<div class=\"elementor-widget-container\">\n\t\t\t\t\t<h4 class=\"elementor-heading-title elementor-size-medium\">Associa\u00e7\u00e3o Recreativa Portuguesa<\/h4>\t\t\t\t<\/div>\n\t\t\t\t<\/div>\n\t\t\t\t\t<\/div>\n\t\t<\/div>\n\t\t\t\t<div class=\"elementor-column elementor-col-33 elementor-top-column elementor-element elementor-element-e184cbc\" data-id=\"e184cbc\" data-element_type=\"column\" data-e-type=\"column\">\n\t\t\t<div class=\"elementor-widget-wrap elementor-element-populated\">\n\t\t\t\t\t\t<div class=\"elementor-element elementor-element-d66f3f0 elementor-widget elementor-widget-image\" data-id=\"d66f3f0\" data-element_type=\"widget\" data-e-type=\"widget\" data-widget_type=\"image.default\">\n\t\t\t\t<div class=\"elementor-widget-container\">\n\t\t\t\t\t\t\t\t\t\t\t\t\t\t\t\t<a href=\"https:\/\/muenchen.portugal.de\/pt\/portugal-in-muenchen\/netzwerk\/lusofonia\/\">\n\t\t\t\t\t\t\t<img decoding=\"async\" width=\"950\" height=\"950\" src=\"https:\/\/muenchen.portugal.de\/wp-content\/uploads\/2023\/10\/lusofonia-1024x1024.jpg\" class=\"elementor-animation-grow attachment-large size-large wp-image-221\" alt=\"\" srcset=\"https:\/\/muenchen.portugal.de\/wp-content\/uploads\/2023\/10\/lusofonia-1024x1024.jpg 1024w, https:\/\/muenchen.portugal.de\/wp-content\/uploads\/2023\/10\/lusofonia-300x300.jpg 300w, https:\/\/muenchen.portugal.de\/wp-content\/uploads\/2023\/10\/lusofonia-150x150.jpg 150w, https:\/\/muenchen.portugal.de\/wp-content\/uploads\/2023\/10\/lusofonia-768x768.jpg 768w, https:\/\/muenchen.portugal.de\/wp-content\/uploads\/2023\/10\/lusofonia-12x12.jpg 12w, https:\/\/muenchen.portugal.de\/wp-content\/uploads\/2023\/10\/lusofonia-e1697445452817.jpg 275w\" sizes=\"100vw\" \/>\t\t\t\t\t\t\t\t<\/a>\n\t\t\t\t\t\t\t\t\t\t\t\t\t\t\t<\/div>\n\t\t\t\t<\/div>\n\t\t\t\t<div class=\"elementor-element elementor-element-bc5fd11 elementor-widget elementor-widget-heading\" data-id=\"bc5fd11\" data-element_type=\"widget\" data-e-type=\"widget\" data-widget_type=\"heading.default\">\n\t\t\t\t<div class=\"elementor-widget-container\">\n\t\t\t\t\t<h4 class=\"elementor-heading-title elementor-size-medium\">Lusofonia<\/h4>\t\t\t\t<\/div>\n\t\t\t\t<\/div>\n\t\t\t\t\t<\/div>\n\t\t<\/div>\n\t\t\t\t<div class=\"elementor-column elementor-col-33 elementor-top-column elementor-element elementor-element-1be38661\" data-id=\"1be38661\" data-element_type=\"column\" data-e-type=\"column\">\n\t\t\t<div class=\"elementor-widget-wrap\">\n\t\t\t\t\t\t\t<\/div>\n\t\t<\/div>\n\t\t\t\t\t<\/div>\n\t\t<\/section>\n\t\t\t\t<\/div>","protected":false},"excerpt":{"rendered":"<p>Netzwerk Instituitionen Konsultarabteilung Verb\u00e4nde Associa\u00e7\u00e3o Recreativa Portuguesa Lusofonia<\/p>","protected":false},"author":2,"featured_media":0,"parent":44,"menu_order":0,"comment_status":"closed","ping_status":"closed","template":"","meta":{"inspiro_hide_title":false,"footnotes":""},"class_list":["post-60","page","type-page","status-publish","hentry"],"_links":{"self":[{"href":"https:\/\/muenchen.portugal.de\/pt\/wp-json\/wp\/v2\/pages\/60","targetHints":{"allow":["GET"]}}],"collection":[{"href":"https:\/\/muenchen.portugal.de\/pt\/wp-json\/wp\/v2\/pages"}],"about":[{"href":"https:\/\/muenchen.portugal.de\/pt\/wp-json\/wp\/v2\/types\/page"}],"author":[{"embeddable":true,"href":"https:\/\/muenchen.portugal.de\/pt\/wp-json\/wp\/v2\/users\/2"}],"replies":[{"embeddable":true,"href":"https:\/\/muenchen.portugal.de\/pt\/wp-json\/wp\/v2\/comments?post=60"}],"version-history":[{"count":8,"href":"https:\/\/muenchen.portugal.de\/pt\/wp-json\/wp\/v2\/pages\/60\/revisions"}],"predecessor-version":[{"id":224,"href":"https:\/\/muenchen.portugal.de\/pt\/wp-json\/wp\/v2\/pages\/60\/revisions\/224"}],"up":[{"embeddable":true,"href":"https:\/\/muenchen.portugal.de\/pt\/wp-json\/wp\/v2\/pages\/44"}],"wp:attachment":[{"href":"https:\/\/muenchen.portugal.de\/pt\/wp-json\/wp\/v2\/media?parent=60"}],"curies":[{"name":"wp","href":"https:\/\/api.w.org\/{rel}","templated":true}]}}