{"id":44,"date":"2023-10-04T07:48:21","date_gmt":"2023-10-04T07:48:21","guid":{"rendered":"https:\/\/muenchen.portugal.de\/?page_id=44"},"modified":"2023-10-16T12:55:04","modified_gmt":"2023-10-16T12:55:04","slug":"portugal-in-muenchen","status":"publish","type":"page","link":"https:\/\/muenchen.portugal.de\/pt\/","title":{"rendered":"Portugal in M\u00fcnchen"},"content":{"rendered":"<div data-elementor-type=\"wp-page\" data-elementor-id=\"44\" class=\"elementor elementor-44\">\n\t\t\t\t\t\t<section class=\"elementor-section elementor-top-section elementor-element elementor-element-4e86b71 elementor-section-full_width elementor-section-content-middle elementor-section-height-default elementor-section-height-default\" data-id=\"4e86b71\" data-element_type=\"section\" data-e-type=\"section\">\n\t\t\t\t\t\t<div class=\"elementor-container elementor-column-gap-wide\">\n\t\t\t\t\t<div class=\"elementor-column elementor-col-33 elementor-top-column elementor-element elementor-element-72e962bd\" data-id=\"72e962bd\" data-element_type=\"column\" data-e-type=\"column\">\n\t\t\t<div class=\"elementor-widget-wrap elementor-element-populated\">\n\t\t\t\t\t\t<div class=\"elementor-element elementor-element-241794d9 elementor-widget elementor-widget-image\" data-id=\"241794d9\" data-element_type=\"widget\" data-e-type=\"widget\" data-settings=\"{&quot;_animation&quot;:&quot;none&quot;}\" data-widget_type=\"image.default\">\n\t\t\t\t<div class=\"elementor-widget-container\">\n\t\t\t\t\t\t\t\t\t\t\t\t\t\t\t\t<a href=\"https:\/\/muenchen.portugal.de\/pt\/portugal-in-muenchen\/netzwerk\/\">\n\t\t\t\t\t\t\t<img fetchpriority=\"high\" decoding=\"async\" width=\"240\" height=\"360\" src=\"http:\/\/muenchen.portugal.de\/wp-content\/uploads\/2023\/10\/netzwerk-1.png\" class=\"attachment-full size-full wp-image-48\" alt=\"\" srcset=\"http:\/\/muenchen.portugal.de\/wp-content\/uploads\/2023\/10\/netzwerk-1.png 240w, http:\/\/muenchen.portugal.de\/wp-content\/uploads\/2023\/10\/netzwerk-1-200x300.png 200w, http:\/\/muenchen.portugal.de\/wp-content\/uploads\/2023\/10\/netzwerk-1-8x12.png 8w\" sizes=\"100vw\" \/>\t\t\t\t\t\t\t\t<\/a>\n\t\t\t\t\t\t\t\t\t\t\t\t\t\t\t<\/div>\n\t\t\t\t<\/div>\n\t\t\t\t<div class=\"elementor-element elementor-element-392ffc60 elementor-absolute elementor-invisible elementor-widget elementor-widget-heading\" data-id=\"392ffc60\" data-element_type=\"widget\" data-e-type=\"widget\" data-settings=\"{&quot;_position&quot;:&quot;absolute&quot;,&quot;_animation&quot;:&quot;fadeIn&quot;,&quot;_animation_delay&quot;:50}\" data-widget_type=\"heading.default\">\n\t\t\t\t<div class=\"elementor-widget-container\">\n\t\t\t\t\t<h2 class=\"elementor-heading-title elementor-size-default\"><a href=\"https:\/\/muenchen.portugal.de\/pt\/portugal-in-muenchen\/netzwerk\/\">Rede<\/a><\/h2>\t\t\t\t<\/div>\n\t\t\t\t<\/div>\n\t\t\t\t<div class=\"elementor-element elementor-element-fb87880 elementor-absolute elementor-invisible elementor-widget elementor-widget-heading\" data-id=\"fb87880\" data-element_type=\"widget\" data-e-type=\"widget\" data-settings=\"{&quot;_position&quot;:&quot;absolute&quot;,&quot;_animation&quot;:&quot;fadeIn&quot;,&quot;_animation_delay&quot;:100}\" data-widget_type=\"heading.default\">\n\t\t\t\t<div class=\"elementor-widget-container\">\n\t\t\t\t\t<div class=\"elementor-heading-title elementor-size-default\"><a href=\"https:\/\/muenchen.portugal.de\/pt\/portugal-in-muenchen\/netzwerk\/\">Instituitionen &amp; Verb\u00e4nde<\/a><\/div>\t\t\t\t<\/div>\n\t\t\t\t<\/div>\n\t\t\t\t\t<\/div>\n\t\t<\/div>\n\t\t\t\t<div class=\"elementor-column elementor-col-33 elementor-top-column elementor-element elementor-element-395b6daf\" data-id=\"395b6daf\" data-element_type=\"column\" data-e-type=\"column\">\n\t\t\t<div class=\"elementor-widget-wrap elementor-element-populated\">\n\t\t\t\t\t\t<div class=\"elementor-element elementor-element-76cfc07c elementor-widget elementor-widget-image\" data-id=\"76cfc07c\" data-element_type=\"widget\" data-e-type=\"widget\" data-settings=\"{&quot;_animation&quot;:&quot;none&quot;}\" data-widget_type=\"image.default\">\n\t\t\t\t<div class=\"elementor-widget-container\">\n\t\t\t\t\t\t\t\t\t\t\t\t\t\t\t\t<a href=\"https:\/\/muenchen.portugal.de\/pt\/portugal-in-muenchen\/investitionen\/\">\n\t\t\t\t\t\t\t<img decoding=\"async\" width=\"240\" height=\"360\" src=\"http:\/\/muenchen.portugal.de\/wp-content\/uploads\/2023\/10\/investitionen-scaled-e1692693143625.jpg\" class=\"attachment-full size-full wp-image-49\" alt=\"\" srcset=\"http:\/\/muenchen.portugal.de\/wp-content\/uploads\/2023\/10\/investitionen-scaled-e1692693143625.jpg 240w, http:\/\/muenchen.portugal.de\/wp-content\/uploads\/2023\/10\/investitionen-scaled-e1692693143625-200x300.jpg 200w, http:\/\/muenchen.portugal.de\/wp-content\/uploads\/2023\/10\/investitionen-scaled-e1692693143625-8x12.jpg 8w\" sizes=\"100vw\" \/>\t\t\t\t\t\t\t\t<\/a>\n\t\t\t\t\t\t\t\t\t\t\t\t\t\t\t<\/div>\n\t\t\t\t<\/div>\n\t\t\t\t<div class=\"elementor-element elementor-element-3a85ee60 elementor-absolute elementor-invisible elementor-widget elementor-widget-heading\" data-id=\"3a85ee60\" data-element_type=\"widget\" data-e-type=\"widget\" data-settings=\"{&quot;_position&quot;:&quot;absolute&quot;,&quot;_animation&quot;:&quot;fadeIn&quot;,&quot;_animation_delay&quot;:50}\" data-widget_type=\"heading.default\">\n\t\t\t\t<div class=\"elementor-widget-container\">\n\t\t\t\t\t<h2 class=\"elementor-heading-title elementor-size-default\"><a href=\"https:\/\/muenchen.portugal.de\/pt\/portugal-in-muenchen\/investitionen\/\">Investimento<\/a><\/h2>\t\t\t\t<\/div>\n\t\t\t\t<\/div>\n\t\t\t\t<div class=\"elementor-element elementor-element-43d098e9 elementor-absolute elementor-invisible elementor-widget elementor-widget-heading\" data-id=\"43d098e9\" data-element_type=\"widget\" data-e-type=\"widget\" data-settings=\"{&quot;_position&quot;:&quot;absolute&quot;,&quot;_animation&quot;:&quot;fadeIn&quot;,&quot;_animation_delay&quot;:100}\" data-widget_type=\"heading.default\">\n\t\t\t\t<div class=\"elementor-widget-container\">\n\t\t\t\t\t<div class=\"elementor-heading-title elementor-size-default\"><a href=\"https:\/\/muenchen.portugal.de\/pt\/portugal-in-muenchen\/investitionen\/\">Empresas<\/a><\/div>\t\t\t\t<\/div>\n\t\t\t\t<\/div>\n\t\t\t\t\t<\/div>\n\t\t<\/div>\n\t\t\t\t<div class=\"elementor-column elementor-col-33 elementor-top-column elementor-element elementor-element-18f9a1ee\" data-id=\"18f9a1ee\" data-element_type=\"column\" data-e-type=\"column\">\n\t\t\t<div class=\"elementor-widget-wrap elementor-element-populated\">\n\t\t\t\t\t\t<div class=\"elementor-element elementor-element-1b368d54 elementor-widget elementor-widget-image\" data-id=\"1b368d54\" data-element_type=\"widget\" data-e-type=\"widget\" data-settings=\"{&quot;_animation&quot;:&quot;none&quot;}\" data-widget_type=\"image.default\">\n\t\t\t\t<div class=\"elementor-widget-container\">\n\t\t\t\t\t\t\t\t\t\t\t\t\t\t\t\t<a href=\"https:\/\/muenchen.portugal.de\/pt\/portugal-in-muenchen\/essen-trinken\/\">\n\t\t\t\t\t\t\t<img decoding=\"async\" width=\"240\" height=\"360\" src=\"http:\/\/muenchen.portugal.de\/wp-content\/uploads\/2023\/10\/essen_und_trinken-1.png\" class=\"attachment-full size-full wp-image-50\" alt=\"\" srcset=\"http:\/\/muenchen.portugal.de\/wp-content\/uploads\/2023\/10\/essen_und_trinken-1.png 240w, http:\/\/muenchen.portugal.de\/wp-content\/uploads\/2023\/10\/essen_und_trinken-1-200x300.png 200w, http:\/\/muenchen.portugal.de\/wp-content\/uploads\/2023\/10\/essen_und_trinken-1-8x12.png 8w\" sizes=\"100vw\" \/>\t\t\t\t\t\t\t\t<\/a>\n\t\t\t\t\t\t\t\t\t\t\t\t\t\t\t<\/div>\n\t\t\t\t<\/div>\n\t\t\t\t<div class=\"elementor-element elementor-element-33158cf3 elementor-absolute elementor-invisible elementor-widget elementor-widget-heading\" data-id=\"33158cf3\" data-element_type=\"widget\" data-e-type=\"widget\" data-settings=\"{&quot;_position&quot;:&quot;absolute&quot;,&quot;_animation&quot;:&quot;fadeIn&quot;,&quot;_animation_delay&quot;:100}\" data-widget_type=\"heading.default\">\n\t\t\t\t<div class=\"elementor-widget-container\">\n\t\t\t\t\t<div class=\"elementor-heading-title elementor-size-default\"><a href=\"https:\/\/muenchen.portugal.de\/pt\/portugal-in-muenchen\/essen-trinken\/\">Restaurants, Caf\u00e9s &amp; Lebensmittel<\/a><\/div>\t\t\t\t<\/div>\n\t\t\t\t<\/div>\n\t\t\t\t<div class=\"elementor-element elementor-element-56b3ed87 elementor-absolute elementor-invisible elementor-widget elementor-widget-heading\" data-id=\"56b3ed87\" data-element_type=\"widget\" data-e-type=\"widget\" data-settings=\"{&quot;_position&quot;:&quot;absolute&quot;,&quot;_animation&quot;:&quot;fadeIn&quot;,&quot;_animation_delay&quot;:50}\" data-widget_type=\"heading.default\">\n\t\t\t\t<div class=\"elementor-widget-container\">\n\t\t\t\t\t<h2 class=\"elementor-heading-title elementor-size-default\"><a href=\"https:\/\/muenchen.portugal.de\/pt\/portugal-in-muenchen\/essen-trinken\/\">Essen &amp; Trinken<\/a><\/h2>\t\t\t\t<\/div>\n\t\t\t\t<\/div>\n\t\t\t\t\t<\/div>\n\t\t<\/div>\n\t\t\t\t\t<\/div>\n\t\t<\/section>\n\t\t\t\t<section class=\"elementor-section elementor-top-section elementor-element elementor-element-9a71334 elementor-section-full_width elementor-section-content-middle elementor-section-height-default elementor-section-height-default\" data-id=\"9a71334\" data-element_type=\"section\" data-e-type=\"section\">\n\t\t\t\t\t\t<div class=\"elementor-container elementor-column-gap-wide\">\n\t\t\t\t\t<div class=\"elementor-column elementor-col-20 elementor-top-column elementor-element elementor-element-233bce9e\" data-id=\"233bce9e\" data-element_type=\"column\" data-e-type=\"column\">\n\t\t\t<div class=\"elementor-widget-wrap elementor-element-populated\">\n\t\t\t\t\t\t<div class=\"elementor-element elementor-element-7fb496ba elementor-absolute elementor-invisible elementor-widget elementor-widget-heading\" data-id=\"7fb496ba\" data-element_type=\"widget\" data-e-type=\"widget\" data-settings=\"{&quot;_position&quot;:&quot;absolute&quot;,&quot;_animation&quot;:&quot;fadeIn&quot;,&quot;_animation_delay&quot;:100}\" data-widget_type=\"heading.default\">\n\t\t\t\t<div class=\"elementor-widget-container\">\n\t\t\t\t\t<div class=\"elementor-heading-title elementor-size-default\"><a href=\"https:\/\/hamburg.portugal.de\/portugal-in-hamburg\/andere\/\">Sehensw\u00fcrdigkeiten<\/a><\/div>\t\t\t\t<\/div>\n\t\t\t\t<\/div>\n\t\t\t\t\t<\/div>\n\t\t<\/div>\n\t\t\t\t<div class=\"elementor-column elementor-col-20 elementor-top-column elementor-element elementor-element-1ae4cb58\" data-id=\"1ae4cb58\" data-element_type=\"column\" data-e-type=\"column\">\n\t\t\t<div class=\"elementor-widget-wrap elementor-element-populated\">\n\t\t\t\t\t\t<div class=\"elementor-element elementor-element-2fda7eb2 elementor-widget elementor-widget-image\" data-id=\"2fda7eb2\" data-element_type=\"widget\" data-e-type=\"widget\" data-settings=\"{&quot;_animation&quot;:&quot;none&quot;}\" data-widget_type=\"image.default\">\n\t\t\t\t<div class=\"elementor-widget-container\">\n\t\t\t\t\t\t\t\t\t\t\t\t\t\t\t\t<a href=\"https:\/\/muenchen.portugal.de\/pt\/portugal-in-muenchen\/bildung-kultur\/\">\n\t\t\t\t\t\t\t<img loading=\"lazy\" decoding=\"async\" width=\"240\" height=\"360\" src=\"http:\/\/muenchen.portugal.de\/wp-content\/uploads\/2023\/10\/bildung-1.png\" class=\"attachment-full size-full wp-image-51\" alt=\"\" srcset=\"http:\/\/muenchen.portugal.de\/wp-content\/uploads\/2023\/10\/bildung-1.png 240w, http:\/\/muenchen.portugal.de\/wp-content\/uploads\/2023\/10\/bildung-1-200x300.png 200w, http:\/\/muenchen.portugal.de\/wp-content\/uploads\/2023\/10\/bildung-1-8x12.png 8w\" sizes=\"100vw\" \/>\t\t\t\t\t\t\t\t<\/a>\n\t\t\t\t\t\t\t\t\t\t\t\t\t\t\t<\/div>\n\t\t\t\t<\/div>\n\t\t\t\t<div class=\"elementor-element elementor-element-7e215933 elementor-absolute elementor-invisible elementor-widget elementor-widget-heading\" data-id=\"7e215933\" data-element_type=\"widget\" data-e-type=\"widget\" data-settings=\"{&quot;_position&quot;:&quot;absolute&quot;,&quot;_animation&quot;:&quot;fadeIn&quot;,&quot;_animation_delay&quot;:50}\" data-widget_type=\"heading.default\">\n\t\t\t\t<div class=\"elementor-widget-container\">\n\t\t\t\t\t<h2 class=\"elementor-heading-title elementor-size-default\"><a href=\"https:\/\/muenchen.portugal.de\/pt\/portugal-in-muenchen\/bildung-kultur\/\">Bildung &amp; Kultur<\/a><\/h2>\t\t\t\t<\/div>\n\t\t\t\t<\/div>\n\t\t\t\t<div class=\"elementor-element elementor-element-2e8be906 elementor-absolute elementor-invisible elementor-widget elementor-widget-heading\" data-id=\"2e8be906\" data-element_type=\"widget\" data-e-type=\"widget\" data-settings=\"{&quot;_position&quot;:&quot;absolute&quot;,&quot;_animation&quot;:&quot;fadeIn&quot;,&quot;_animation_delay&quot;:100}\" data-widget_type=\"heading.default\">\n\t\t\t\t<div class=\"elementor-widget-container\">\n\t\t\t\t\t<div class=\"elementor-heading-title elementor-size-default\"><a href=\"https:\/\/muenchen.portugal.de\/pt\/portugal-in-muenchen\/bildung-kultur\/\">Escolas<\/a><\/div>\t\t\t\t<\/div>\n\t\t\t\t<\/div>\n\t\t\t\t\t<\/div>\n\t\t<\/div>\n\t\t\t\t<div class=\"elementor-column elementor-col-20 elementor-top-column elementor-element elementor-element-177675f8\" data-id=\"177675f8\" data-element_type=\"column\" data-e-type=\"column\">\n\t\t\t<div class=\"elementor-widget-wrap\">\n\t\t\t\t\t\t\t<\/div>\n\t\t<\/div>\n\t\t\t\t<div class=\"elementor-column elementor-col-20 elementor-top-column elementor-element elementor-element-ed93346\" data-id=\"ed93346\" data-element_type=\"column\" data-e-type=\"column\">\n\t\t\t<div class=\"elementor-widget-wrap elementor-element-populated\">\n\t\t\t\t\t\t<div class=\"elementor-element elementor-element-24c4a642 elementor-widget elementor-widget-image\" data-id=\"24c4a642\" data-element_type=\"widget\" data-e-type=\"widget\" data-settings=\"{&quot;_animation&quot;:&quot;none&quot;}\" data-widget_type=\"image.default\">\n\t\t\t\t<div class=\"elementor-widget-container\">\n\t\t\t\t\t\t\t\t\t\t\t\t\t\t\t\t<a href=\"https:\/\/muenchen.portugal.de\/pt\/portugal-in-muenchen\/andere\/\">\n\t\t\t\t\t\t\t<img loading=\"lazy\" decoding=\"async\" width=\"240\" height=\"360\" src=\"http:\/\/muenchen.portugal.de\/wp-content\/uploads\/2023\/10\/andere-1.png\" class=\"attachment-full size-full wp-image-52\" alt=\"\" srcset=\"http:\/\/muenchen.portugal.de\/wp-content\/uploads\/2023\/10\/andere-1.png 240w, http:\/\/muenchen.portugal.de\/wp-content\/uploads\/2023\/10\/andere-1-200x300.png 200w, http:\/\/muenchen.portugal.de\/wp-content\/uploads\/2023\/10\/andere-1-8x12.png 8w\" sizes=\"100vw\" \/>\t\t\t\t\t\t\t\t<\/a>\n\t\t\t\t\t\t\t\t\t\t\t\t\t\t\t<\/div>\n\t\t\t\t<\/div>\n\t\t\t\t<div class=\"elementor-element elementor-element-17b05ef8 elementor-absolute elementor-invisible elementor-widget elementor-widget-heading\" data-id=\"17b05ef8\" data-element_type=\"widget\" data-e-type=\"widget\" data-settings=\"{&quot;_position&quot;:&quot;absolute&quot;,&quot;_animation&quot;:&quot;fadeIn&quot;,&quot;_animation_delay&quot;:50}\" data-widget_type=\"heading.default\">\n\t\t\t\t<div class=\"elementor-widget-container\">\n\t\t\t\t\t<h2 class=\"elementor-heading-title elementor-size-default\"><a href=\"https:\/\/muenchen.portugal.de\/pt\/portugal-in-muenchen\/andere\/\">Diversos<\/a><\/h2>\t\t\t\t<\/div>\n\t\t\t\t<\/div>\n\t\t\t\t<div class=\"elementor-element elementor-element-3804b6b8 elementor-absolute elementor-invisible elementor-widget elementor-widget-heading\" data-id=\"3804b6b8\" data-element_type=\"widget\" data-e-type=\"widget\" data-settings=\"{&quot;_position&quot;:&quot;absolute&quot;,&quot;_animation&quot;:&quot;fadeIn&quot;,&quot;_animation_delay&quot;:100}\" data-widget_type=\"heading.default\">\n\t\t\t\t<div class=\"elementor-widget-container\">\n\t\t\t\t\t<div class=\"elementor-heading-title elementor-size-default\"><a href=\"https:\/\/muenchen.portugal.de\/pt\/portugal-in-muenchen\/andere\/\">Lojas<\/a><\/div>\t\t\t\t<\/div>\n\t\t\t\t<\/div>\n\t\t\t\t\t<\/div>\n\t\t<\/div>\n\t\t\t\t<div class=\"elementor-column elementor-col-20 elementor-top-column elementor-element elementor-element-7ed6b569\" data-id=\"7ed6b569\" data-element_type=\"column\" data-e-type=\"column\">\n\t\t\t<div class=\"elementor-widget-wrap elementor-element-populated\">\n\t\t\t\t\t\t<div class=\"elementor-element elementor-element-486a93d1 elementor-absolute elementor-invisible elementor-widget elementor-widget-heading\" data-id=\"486a93d1\" data-element_type=\"widget\" data-e-type=\"widget\" data-settings=\"{&quot;_position&quot;:&quot;absolute&quot;,&quot;_animation&quot;:&quot;fadeIn&quot;,&quot;_animation_delay&quot;:100}\" data-widget_type=\"heading.default\">\n\t\t\t\t<div class=\"elementor-widget-container\">\n\t\t\t\t\t<div class=\"elementor-heading-title elementor-size-default\"><a href=\"https:\/\/hamburg.portugal.de\/portugal-in-hamburg\/andere\/\">Sehensw\u00fcrdigkeiten<\/a><\/div>\t\t\t\t<\/div>\n\t\t\t\t<\/div>\n\t\t\t\t\t<\/div>\n\t\t<\/div>\n\t\t\t\t\t<\/div>\n\t\t<\/section>\n\t\t\t\t<section class=\"elementor-section elementor-top-section elementor-element elementor-element-6183c2e0 elementor-section-boxed elementor-section-height-default elementor-section-height-default\" data-id=\"6183c2e0\" data-element_type=\"section\" data-e-type=\"section\">\n\t\t\t\t\t\t<div class=\"elementor-container elementor-column-gap-default\">\n\t\t\t\t\t<div class=\"elementor-column elementor-col-100 elementor-top-column elementor-element elementor-element-50d888ac\" data-id=\"50d888ac\" data-element_type=\"column\" data-e-type=\"column\">\n\t\t\t<div class=\"elementor-widget-wrap elementor-element-populated\">\n\t\t\t\t\t\t<div class=\"elementor-element elementor-element-70a362bb elementor-align-center elementor-widget elementor-widget-button\" data-id=\"70a362bb\" data-element_type=\"widget\" data-e-type=\"widget\" data-widget_type=\"button.default\">\n\t\t\t\t<div class=\"elementor-widget-container\">\n\t\t\t\t\t\t\t\t\t<div class=\"elementor-button-wrapper\">\n\t\t\t\t\t<a class=\"elementor-button elementor-button-link elementor-size-sm elementor-animation-grow\" href=\"https:\/\/portugal.de\/\" target=\"_blank\">\n\t\t\t\t\t\t<span class=\"elementor-button-content-wrapper\">\n\t\t\t\t\t\t<span class=\"elementor-button-icon\">\n\t\t\t\t<i aria-hidden=\"true\" class=\"fas fa-arrow-left\"><\/i>\t\t\t<\/span>\n\t\t\t\t\t\t\t\t\t<span class=\"elementor-button-text\">Portugal na Alemanha<\/span>\n\t\t\t\t\t<\/span>\n\t\t\t\t\t<\/a>\n\t\t\t\t<\/div>\n\t\t\t\t\t\t\t\t<\/div>\n\t\t\t\t<\/div>\n\t\t\t\t\t<\/div>\n\t\t<\/div>\n\t\t\t\t\t<\/div>\n\t\t<\/section>\n\t\t\t\t<section class=\"elementor-section elementor-top-section elementor-element elementor-element-68e1d513 elementor-section-boxed elementor-section-height-default elementor-section-height-default\" data-id=\"68e1d513\" data-element_type=\"section\" data-e-type=\"section\">\n\t\t\t\t\t\t<div class=\"elementor-container elementor-column-gap-default\">\n\t\t\t\t\t<div class=\"elementor-column elementor-col-100 elementor-top-column elementor-element elementor-element-6b43bcae\" data-id=\"6b43bcae\" data-element_type=\"column\" data-e-type=\"column\">\n\t\t\t<div class=\"elementor-widget-wrap elementor-element-populated\">\n\t\t\t\t\t\t<div class=\"elementor-element elementor-element-29a83aa7 elementor-shape-circle elementor-grid-2 e-grid-align-center elementor-widget elementor-widget-social-icons\" data-id=\"29a83aa7\" data-element_type=\"widget\" data-e-type=\"widget\" data-widget_type=\"social-icons.default\">\n\t\t\t\t<div class=\"elementor-widget-container\">\n\t\t\t\t\t\t\t<div class=\"elementor-social-icons-wrapper elementor-grid\" role=\"list\">\n\t\t\t\t\t\t\t<span class=\"elementor-grid-item\" role=\"listitem\">\n\t\t\t\t\t<a class=\"elementor-icon elementor-social-icon elementor-social-icon-linkedin elementor-repeater-item-a20c2c8\" href=\"https:\/\/de.linkedin.com\/company\/aicep-portugalglobal-deutschland\" target=\"_blank\">\n\t\t\t\t\t\t<span class=\"elementor-screen-only\">Linkedin<\/span>\n\t\t\t\t\t\t<i aria-hidden=\"true\" class=\"fab fa-linkedin\"><\/i>\t\t\t\t\t<\/a>\n\t\t\t\t<\/span>\n\t\t\t\t\t\t\t<span class=\"elementor-grid-item\" role=\"listitem\">\n\t\t\t\t\t<a class=\"elementor-icon elementor-social-icon elementor-social-icon-envelope elementor-repeater-item-1505eb4\" href=\"mailto:aicep.berlin@portugalglobal.pt\" target=\"_blank\">\n\t\t\t\t\t\t<span class=\"elementor-screen-only\">Envelope<\/span>\n\t\t\t\t\t\t<i aria-hidden=\"true\" class=\"far fa-envelope\"><\/i>\t\t\t\t\t<\/a>\n\t\t\t\t<\/span>\n\t\t\t\t\t<\/div>\n\t\t\t\t\t\t<\/div>\n\t\t\t\t<\/div>\n\t\t\t\t\t<\/div>\n\t\t<\/div>\n\t\t\t\t\t<\/div>\n\t\t<\/section>\n\t\t\t\t<\/div>","protected":false},"excerpt":{"rendered":"<p>Netzwerk Instituitionen &#038; Verb\u00e4nde Investitionen Unternehmen Restaurants, Caf\u00e9s &#038; Lebensmittel Essen &#038; Trinken Sehensw\u00fcrdigkeiten Bildung &#038; Kultur Schulen Andere L\u00e4den Sehensw\u00fcrdigkeiten Portugal in Deutschland Linkedin Envelope<\/p>","protected":false},"author":2,"featured_media":0,"parent":0,"menu_order":0,"comment_status":"closed","ping_status":"closed","template":"","meta":{"inspiro_hide_title":false,"footnotes":""},"class_list":["post-44","page","type-page","status-publish","hentry"],"_links":{"self":[{"href":"https:\/\/muenchen.portugal.de\/pt\/wp-json\/wp\/v2\/pages\/44","targetHints":{"allow":["GET"]}}],"collection":[{"href":"https:\/\/muenchen.portugal.de\/pt\/wp-json\/wp\/v2\/pages"}],"about":[{"href":"https:\/\/muenchen.portugal.de\/pt\/wp-json\/wp\/v2\/types\/page"}],"author":[{"embeddable":true,"href":"https:\/\/muenchen.portugal.de\/pt\/wp-json\/wp\/v2\/users\/2"}],"replies":[{"embeddable":true,"href":"https:\/\/muenchen.portugal.de\/pt\/wp-json\/wp\/v2\/comments?post=44"}],"version-history":[{"count":11,"href":"https:\/\/muenchen.portugal.de\/pt\/wp-json\/wp\/v2\/pages\/44\/revisions"}],"predecessor-version":[{"id":455,"href":"https:\/\/muenchen.portugal.de\/pt\/wp-json\/wp\/v2\/pages\/44\/revisions\/455"}],"wp:attachment":[{"href":"https:\/\/muenchen.portugal.de\/pt\/wp-json\/wp\/v2\/media?parent=44"}],"curies":[{"name":"wp","href":"https:\/\/api.w.org\/{rel}","templated":true}]}}