{"id":413,"date":"2023-10-16T12:34:08","date_gmt":"2023-10-16T12:34:08","guid":{"rendered":"https:\/\/muenchen.portugal.de\/?page_id=413"},"modified":"2023-10-16T12:38:49","modified_gmt":"2023-10-16T12:38:49","slug":"hewa-leder-2","status":"publish","type":"page","link":"https:\/\/muenchen.portugal.de\/pt\/portugal-in-muenchen\/investitionen\/hewa-leder-2\/","title":{"rendered":"Hewa Leder"},"content":{"rendered":"<div data-elementor-type=\"wp-page\" data-elementor-id=\"413\" class=\"elementor elementor-413\">\n\t\t\t\t\t\t<section class=\"elementor-section elementor-top-section elementor-element elementor-element-4d6253d2 elementor-section-boxed elementor-section-height-default elementor-section-height-default\" data-id=\"4d6253d2\" data-element_type=\"section\" data-e-type=\"section\">\n\t\t\t\t\t\t<div class=\"elementor-container elementor-column-gap-default\">\n\t\t\t\t\t<div class=\"elementor-column elementor-col-100 elementor-top-column elementor-element elementor-element-5400912a\" data-id=\"5400912a\" data-element_type=\"column\" data-e-type=\"column\">\n\t\t\t<div class=\"elementor-widget-wrap elementor-element-populated\">\n\t\t\t\t\t\t<div class=\"elementor-element elementor-element-26f59e1b elementor-widget elementor-widget-image\" data-id=\"26f59e1b\" data-element_type=\"widget\" data-e-type=\"widget\" data-widget_type=\"image.default\">\n\t\t\t\t<div class=\"elementor-widget-container\">\n\t\t\t\t\t\t\t\t\t\t\t\t\t\t\t\t<a href=\"http:\/\/www.bree.com\">\n\t\t\t\t\t\t\t<img fetchpriority=\"high\" decoding=\"async\" width=\"275\" height=\"275\" src=\"https:\/\/muenchen.portugal.de\/wp-content\/uploads\/2023\/10\/Hewa-Leder-e1697454492310.jpg\" class=\"attachment-medium size-medium wp-image-354\" alt=\"\" sizes=\"100vw\" \/>\t\t\t\t\t\t\t\t<\/a>\n\t\t\t\t\t\t\t\t\t\t\t\t\t\t\t<\/div>\n\t\t\t\t<\/div>\n\t\t\t\t\t<\/div>\n\t\t<\/div>\n\t\t\t\t\t<\/div>\n\t\t<\/section>\n\t\t\t\t<section class=\"elementor-section elementor-top-section elementor-element elementor-element-5a12d185 elementor-section-boxed elementor-section-height-default elementor-section-height-default\" data-id=\"5a12d185\" data-element_type=\"section\" data-e-type=\"section\">\n\t\t\t\t\t\t<div class=\"elementor-container elementor-column-gap-default\">\n\t\t\t\t\t<div class=\"elementor-column elementor-col-50 elementor-top-column elementor-element elementor-element-7d1fbb40\" data-id=\"7d1fbb40\" data-element_type=\"column\" data-e-type=\"column\">\n\t\t\t<div class=\"elementor-widget-wrap elementor-element-populated\">\n\t\t\t\t\t\t<div class=\"elementor-element elementor-element-5a1fe6ff elementor-widget elementor-widget-heading\" data-id=\"5a1fe6ff\" data-element_type=\"widget\" data-e-type=\"widget\" data-widget_type=\"heading.default\">\n\t\t\t\t<div class=\"elementor-widget-container\">\n\t\t\t\t\t<h3 class=\"elementor-heading-title elementor-size-default\">... in Portugal<\/h3>\t\t\t\t<\/div>\n\t\t\t\t<\/div>\n\t\t\t\t<div class=\"elementor-element elementor-element-1376b95 elementor-widget elementor-widget-text-editor\" data-id=\"1376b95\" data-element_type=\"widget\" data-e-type=\"widget\" data-widget_type=\"text-editor.default\">\n\t\t\t\t<div class=\"elementor-widget-container\">\n\t\t\t\t\t\t\t\t\t<p><strong>Name: <\/strong>Coindu &#8211; Componentes para a Ind\u00fastria Autom\u00f3vel, S.A.<\/p><p><strong>Standort: <\/strong>Transversal \u00e0 Rua do Rio Pele 100, 4770-217 Joane<\/p><p><strong style=\"font-family: var( --e-global-typography-text-font-family ), Sans-serif;\">Branche: <\/strong>Fahrzeuge und Komponenten &#8211; Komponenten f\u00fcr die Automobilindustrie<\/p>\t\t\t\t\t\t\t\t<\/div>\n\t\t\t\t<\/div>\n\t\t\t\t\t<\/div>\n\t\t<\/div>\n\t\t\t\t<div class=\"elementor-column elementor-col-50 elementor-top-column elementor-element elementor-element-6a16d070\" data-id=\"6a16d070\" data-element_type=\"column\" data-e-type=\"column\">\n\t\t\t<div class=\"elementor-widget-wrap elementor-element-populated\">\n\t\t\t\t\t\t<div class=\"elementor-element elementor-element-17503297 elementor-widget elementor-widget-heading\" data-id=\"17503297\" data-element_type=\"widget\" data-e-type=\"widget\" data-widget_type=\"heading.default\">\n\t\t\t\t<div class=\"elementor-widget-container\">\n\t\t\t\t\t<h3 class=\"elementor-heading-title elementor-size-default\">... in Deutschland<\/h3>\t\t\t\t<\/div>\n\t\t\t\t<\/div>\n\t\t\t\t<div class=\"elementor-element elementor-element-63c9a199 elementor-widget elementor-widget-text-editor\" data-id=\"63c9a199\" data-element_type=\"widget\" data-e-type=\"widget\" data-widget_type=\"text-editor.default\">\n\t\t\t\t<div class=\"elementor-widget-container\">\n\t\t\t\t\t\t\t\t\t<p><strong>Name: <\/strong>Hewa Leder<\/p><p><strong>Standort: <\/strong>Draisendorfer Weg 8, 95111 Rehau<\/p><p><strong>Branche: <\/strong>Fahrzeuge und Komponenten &#8211; Komponenten f\u00fcr die Automobilindustrie<\/p>\t\t\t\t\t\t\t\t<\/div>\n\t\t\t\t<\/div>\n\t\t\t\t\t<\/div>\n\t\t<\/div>\n\t\t\t\t\t<\/div>\n\t\t<\/section>\n\t\t\t\t<section class=\"elementor-section elementor-top-section elementor-element elementor-element-c7747c8 elementor-section-boxed elementor-section-height-default elementor-section-height-default\" data-id=\"c7747c8\" data-element_type=\"section\" data-e-type=\"section\">\n\t\t\t\t\t\t<div class=\"elementor-container elementor-column-gap-default\">\n\t\t\t\t\t<div class=\"elementor-column elementor-col-50 elementor-top-column elementor-element elementor-element-35f7a500\" data-id=\"35f7a500\" data-element_type=\"column\" data-e-type=\"column\">\n\t\t\t<div class=\"elementor-widget-wrap elementor-element-populated\">\n\t\t\t\t\t\t<div class=\"elementor-element elementor-element-20c44c4 elementor-align-left elementor-widget elementor-widget-button\" data-id=\"20c44c4\" data-element_type=\"widget\" data-e-type=\"widget\" data-widget_type=\"button.default\">\n\t\t\t\t<div class=\"elementor-widget-container\">\n\t\t\t\t\t\t\t\t\t<div class=\"elementor-button-wrapper\">\n\t\t\t\t\t<a class=\"elementor-button elementor-button-link elementor-size-sm\" href=\"http:\/\/www.coindu.pt\" target=\"_blank\">\n\t\t\t\t\t\t<span class=\"elementor-button-content-wrapper\">\n\t\t\t\t\t\t\t\t\t<span class=\"elementor-button-text\">Website<\/span>\n\t\t\t\t\t<\/span>\n\t\t\t\t\t<\/a>\n\t\t\t\t<\/div>\n\t\t\t\t\t\t\t\t<\/div>\n\t\t\t\t<\/div>\n\t\t\t\t\t<\/div>\n\t\t<\/div>\n\t\t\t\t<div class=\"elementor-column elementor-col-50 elementor-top-column elementor-element elementor-element-6b74c97c\" data-id=\"6b74c97c\" data-element_type=\"column\" data-e-type=\"column\">\n\t\t\t<div class=\"elementor-widget-wrap elementor-element-populated\">\n\t\t\t\t\t\t<div class=\"elementor-element elementor-element-459a9eb6 elementor-align-left elementor-widget elementor-widget-button\" data-id=\"459a9eb6\" data-element_type=\"widget\" data-e-type=\"widget\" data-widget_type=\"button.default\">\n\t\t\t\t<div class=\"elementor-widget-container\">\n\t\t\t\t\t\t\t\t\t<div class=\"elementor-button-wrapper\">\n\t\t\t\t\t<a class=\"elementor-button elementor-button-link elementor-size-sm\" href=\"http:\/\/hewa-leder.com\/\" target=\"_blank\">\n\t\t\t\t\t\t<span class=\"elementor-button-content-wrapper\">\n\t\t\t\t\t\t\t\t\t<span class=\"elementor-button-text\">Website<\/span>\n\t\t\t\t\t<\/span>\n\t\t\t\t\t<\/a>\n\t\t\t\t<\/div>\n\t\t\t\t\t\t\t\t<\/div>\n\t\t\t\t<\/div>\n\t\t\t\t\t<\/div>\n\t\t<\/div>\n\t\t\t\t\t<\/div>\n\t\t<\/section>\n\t\t\t\t<\/div>","protected":false},"excerpt":{"rendered":"<p>&#8230; in Portugal Name: Coindu &#8211; Componentes para a Ind\u00fastria Autom\u00f3vel, S.A. Standort: Transversal \u00e0 Rua do Rio Pele 100, 4770-217 Joane Branche: Fahrzeuge und Komponenten &#8211; Komponenten f\u00fcr die Automobilindustrie &#8230; in Deutschland Name: Hewa Leder Standort: Draisendorfer Weg 8, 95111 Rehau Branche: Fahrzeuge und Komponenten &#8211; Komponenten f\u00fcr die Automobilindustrie Website Website<\/p>","protected":false},"author":2,"featured_media":0,"parent":61,"menu_order":0,"comment_status":"closed","ping_status":"closed","template":"","meta":{"inspiro_hide_title":false,"footnotes":""},"class_list":["post-413","page","type-page","status-publish","hentry"],"_links":{"self":[{"href":"https:\/\/muenchen.portugal.de\/pt\/wp-json\/wp\/v2\/pages\/413","targetHints":{"allow":["GET"]}}],"collection":[{"href":"https:\/\/muenchen.portugal.de\/pt\/wp-json\/wp\/v2\/pages"}],"about":[{"href":"https:\/\/muenchen.portugal.de\/pt\/wp-json\/wp\/v2\/types\/page"}],"author":[{"embeddable":true,"href":"https:\/\/muenchen.portugal.de\/pt\/wp-json\/wp\/v2\/users\/2"}],"replies":[{"embeddable":true,"href":"https:\/\/muenchen.portugal.de\/pt\/wp-json\/wp\/v2\/comments?post=413"}],"version-history":[{"count":5,"href":"https:\/\/muenchen.portugal.de\/pt\/wp-json\/wp\/v2\/pages\/413\/revisions"}],"predecessor-version":[{"id":434,"href":"https:\/\/muenchen.portugal.de\/pt\/wp-json\/wp\/v2\/pages\/413\/revisions\/434"}],"up":[{"embeddable":true,"href":"https:\/\/muenchen.portugal.de\/pt\/wp-json\/wp\/v2\/pages\/61"}],"wp:attachment":[{"href":"https:\/\/muenchen.portugal.de\/pt\/wp-json\/wp\/v2\/media?parent=413"}],"curies":[{"name":"wp","href":"https:\/\/api.w.org\/{rel}","templated":true}]}}