{"id":371,"date":"2023-10-16T12:19:40","date_gmt":"2023-10-16T12:19:40","guid":{"rendered":"https:\/\/muenchen.portugal.de\/?page_id=371"},"modified":"2023-10-16T12:33:52","modified_gmt":"2023-10-16T12:33:52","slug":"granorte-deutschland","status":"publish","type":"page","link":"https:\/\/muenchen.portugal.de\/pt\/portugal-in-muenchen\/investitionen\/granorte-deutschland\/","title":{"rendered":"Granorte Deutschland"},"content":{"rendered":"<div data-elementor-type=\"wp-page\" data-elementor-id=\"371\" class=\"elementor elementor-371\">\n\t\t\t\t\t\t<section class=\"elementor-section elementor-top-section elementor-element elementor-element-295e028f elementor-section-boxed elementor-section-height-default elementor-section-height-default\" data-id=\"295e028f\" data-element_type=\"section\" data-e-type=\"section\">\n\t\t\t\t\t\t<div class=\"elementor-container elementor-column-gap-default\">\n\t\t\t\t\t<div class=\"elementor-column elementor-col-100 elementor-top-column elementor-element elementor-element-19c308c6\" data-id=\"19c308c6\" data-element_type=\"column\" data-e-type=\"column\">\n\t\t\t<div class=\"elementor-widget-wrap elementor-element-populated\">\n\t\t\t\t\t\t<div class=\"elementor-element elementor-element-37f5ab7 elementor-widget elementor-widget-image\" data-id=\"37f5ab7\" data-element_type=\"widget\" data-e-type=\"widget\" data-widget_type=\"image.default\">\n\t\t\t\t<div class=\"elementor-widget-container\">\n\t\t\t\t\t\t\t\t\t\t\t\t\t\t\t\t<a href=\"http:\/\/www.bree.com\">\n\t\t\t\t\t\t\t<img fetchpriority=\"high\" decoding=\"async\" width=\"300\" height=\"188\" src=\"https:\/\/muenchen.portugal.de\/wp-content\/uploads\/2023\/10\/granorte-300x188.png\" class=\"attachment-medium size-medium wp-image-353\" alt=\"\" sizes=\"100vw\" \/>\t\t\t\t\t\t\t\t<\/a>\n\t\t\t\t\t\t\t\t\t\t\t\t\t\t\t<\/div>\n\t\t\t\t<\/div>\n\t\t\t\t\t<\/div>\n\t\t<\/div>\n\t\t\t\t\t<\/div>\n\t\t<\/section>\n\t\t\t\t<section class=\"elementor-section elementor-top-section elementor-element elementor-element-30689fa8 elementor-section-boxed elementor-section-height-default elementor-section-height-default\" data-id=\"30689fa8\" data-element_type=\"section\" data-e-type=\"section\">\n\t\t\t\t\t\t<div class=\"elementor-container elementor-column-gap-default\">\n\t\t\t\t\t<div class=\"elementor-column elementor-col-50 elementor-top-column elementor-element elementor-element-2a6c8d46\" data-id=\"2a6c8d46\" data-element_type=\"column\" data-e-type=\"column\">\n\t\t\t<div class=\"elementor-widget-wrap elementor-element-populated\">\n\t\t\t\t\t\t<div class=\"elementor-element elementor-element-125f3560 elementor-widget elementor-widget-heading\" data-id=\"125f3560\" data-element_type=\"widget\" data-e-type=\"widget\" data-widget_type=\"heading.default\">\n\t\t\t\t<div class=\"elementor-widget-container\">\n\t\t\t\t\t<h3 class=\"elementor-heading-title elementor-size-default\">... in Portugal<\/h3>\t\t\t\t<\/div>\n\t\t\t\t<\/div>\n\t\t\t\t<div class=\"elementor-element elementor-element-6d09b35f elementor-widget elementor-widget-text-editor\" data-id=\"6d09b35f\" data-element_type=\"widget\" data-e-type=\"widget\" data-widget_type=\"text-editor.default\">\n\t\t\t\t<div class=\"elementor-widget-container\">\n\t\t\t\t\t\t\t\t\t<p><strong>Name: <\/strong>Granorte &#8211; Revestimentos de Corti\u00e7a, Lda.<\/p><p><strong>Standort: <\/strong>Av. Santiago 68, 4520-470 Rio Me\u00e3o<\/p><p><strong style=\"font-family: var( --e-global-typography-text-font-family ), Sans-serif;\">Branche: <\/strong>Bauger\u00e4te und Baumaterial &#8211; Kork und Holz<\/p>\t\t\t\t\t\t\t\t<\/div>\n\t\t\t\t<\/div>\n\t\t\t\t\t<\/div>\n\t\t<\/div>\n\t\t\t\t<div class=\"elementor-column elementor-col-50 elementor-top-column elementor-element elementor-element-3e0058e1\" data-id=\"3e0058e1\" data-element_type=\"column\" data-e-type=\"column\">\n\t\t\t<div class=\"elementor-widget-wrap elementor-element-populated\">\n\t\t\t\t\t\t<div class=\"elementor-element elementor-element-2c0b3de2 elementor-widget elementor-widget-heading\" data-id=\"2c0b3de2\" data-element_type=\"widget\" data-e-type=\"widget\" data-widget_type=\"heading.default\">\n\t\t\t\t<div class=\"elementor-widget-container\">\n\t\t\t\t\t<h3 class=\"elementor-heading-title elementor-size-default\">... in Deutschland<\/h3>\t\t\t\t<\/div>\n\t\t\t\t<\/div>\n\t\t\t\t<div class=\"elementor-element elementor-element-1bee05f9 elementor-widget elementor-widget-text-editor\" data-id=\"1bee05f9\" data-element_type=\"widget\" data-e-type=\"widget\" data-widget_type=\"text-editor.default\">\n\t\t\t\t<div class=\"elementor-widget-container\">\n\t\t\t\t\t\t\t\t\t<p><strong>Name: <\/strong>Granorte GmbH Deutschland<\/p><p><strong>Standort: <\/strong>Nimrodstr. 22, 90441 N\u00fcrnberg<\/p><p><strong>Branche: <\/strong>Bauger\u00e4te und Baumaterial &#8211; Kork und Holz<\/p>\t\t\t\t\t\t\t\t<\/div>\n\t\t\t\t<\/div>\n\t\t\t\t\t<\/div>\n\t\t<\/div>\n\t\t\t\t\t<\/div>\n\t\t<\/section>\n\t\t\t\t<section class=\"elementor-section elementor-top-section elementor-element elementor-element-7aadc2e8 elementor-section-boxed elementor-section-height-default elementor-section-height-default\" data-id=\"7aadc2e8\" data-element_type=\"section\" data-e-type=\"section\">\n\t\t\t\t\t\t<div class=\"elementor-container elementor-column-gap-default\">\n\t\t\t\t\t<div class=\"elementor-column elementor-col-50 elementor-top-column elementor-element elementor-element-6f174198\" data-id=\"6f174198\" data-element_type=\"column\" data-e-type=\"column\">\n\t\t\t<div class=\"elementor-widget-wrap elementor-element-populated\">\n\t\t\t\t\t\t<div class=\"elementor-element elementor-element-106cf643 elementor-align-left elementor-widget elementor-widget-button\" data-id=\"106cf643\" data-element_type=\"widget\" data-e-type=\"widget\" data-widget_type=\"button.default\">\n\t\t\t\t<div class=\"elementor-widget-container\">\n\t\t\t\t\t\t\t\t\t<div class=\"elementor-button-wrapper\">\n\t\t\t\t\t<a class=\"elementor-button elementor-button-link elementor-size-sm\" href=\"http:\/\/www.granorte.pt\" target=\"_blank\">\n\t\t\t\t\t\t<span class=\"elementor-button-content-wrapper\">\n\t\t\t\t\t\t\t\t\t<span class=\"elementor-button-text\">Website<\/span>\n\t\t\t\t\t<\/span>\n\t\t\t\t\t<\/a>\n\t\t\t\t<\/div>\n\t\t\t\t\t\t\t\t<\/div>\n\t\t\t\t<\/div>\n\t\t\t\t\t<\/div>\n\t\t<\/div>\n\t\t\t\t<div class=\"elementor-column elementor-col-50 elementor-top-column elementor-element elementor-element-5da8d32d\" data-id=\"5da8d32d\" data-element_type=\"column\" data-e-type=\"column\">\n\t\t\t<div class=\"elementor-widget-wrap elementor-element-populated\">\n\t\t\t\t\t\t<div class=\"elementor-element elementor-element-47c6dd87 elementor-align-left elementor-widget elementor-widget-button\" data-id=\"47c6dd87\" data-element_type=\"widget\" data-e-type=\"widget\" data-widget_type=\"button.default\">\n\t\t\t\t<div class=\"elementor-widget-container\">\n\t\t\t\t\t\t\t\t\t<div class=\"elementor-button-wrapper\">\n\t\t\t\t\t<a class=\"elementor-button elementor-button-link elementor-size-sm\" href=\"http:\/\/www.granorte.de\" target=\"_blank\">\n\t\t\t\t\t\t<span class=\"elementor-button-content-wrapper\">\n\t\t\t\t\t\t\t\t\t<span class=\"elementor-button-text\">Website<\/span>\n\t\t\t\t\t<\/span>\n\t\t\t\t\t<\/a>\n\t\t\t\t<\/div>\n\t\t\t\t\t\t\t\t<\/div>\n\t\t\t\t<\/div>\n\t\t\t\t\t<\/div>\n\t\t<\/div>\n\t\t\t\t\t<\/div>\n\t\t<\/section>\n\t\t\t\t<\/div>","protected":false},"excerpt":{"rendered":"<p>&#8230; in Portugal Name: Granorte &#8211; Revestimentos de Corti\u00e7a, Lda. Standort: Av. Santiago 68, 4520-470 Rio Me\u00e3o Branche: Bauger\u00e4te und Baumaterial &#8211; Kork und Holz &#8230; in Deutschland Name: Granorte GmbH Deutschland Standort: Nimrodstr. 22, 90441 N\u00fcrnberg Branche: Bauger\u00e4te und Baumaterial &#8211; Kork und Holz Website Website<\/p>","protected":false},"author":2,"featured_media":0,"parent":61,"menu_order":0,"comment_status":"closed","ping_status":"closed","template":"","meta":{"inspiro_hide_title":false,"footnotes":""},"class_list":["post-371","page","type-page","status-publish","hentry"],"_links":{"self":[{"href":"https:\/\/muenchen.portugal.de\/pt\/wp-json\/wp\/v2\/pages\/371","targetHints":{"allow":["GET"]}}],"collection":[{"href":"https:\/\/muenchen.portugal.de\/pt\/wp-json\/wp\/v2\/pages"}],"about":[{"href":"https:\/\/muenchen.portugal.de\/pt\/wp-json\/wp\/v2\/types\/page"}],"author":[{"embeddable":true,"href":"https:\/\/muenchen.portugal.de\/pt\/wp-json\/wp\/v2\/users\/2"}],"replies":[{"embeddable":true,"href":"https:\/\/muenchen.portugal.de\/pt\/wp-json\/wp\/v2\/comments?post=371"}],"version-history":[{"count":5,"href":"https:\/\/muenchen.portugal.de\/pt\/wp-json\/wp\/v2\/pages\/371\/revisions"}],"predecessor-version":[{"id":412,"href":"https:\/\/muenchen.portugal.de\/pt\/wp-json\/wp\/v2\/pages\/371\/revisions\/412"}],"up":[{"embeddable":true,"href":"https:\/\/muenchen.portugal.de\/pt\/wp-json\/wp\/v2\/pages\/61"}],"wp:attachment":[{"href":"https:\/\/muenchen.portugal.de\/pt\/wp-json\/wp\/v2\/media?parent=371"}],"curies":[{"name":"wp","href":"https:\/\/api.w.org\/{rel}","templated":true}]}}