{"id":366,"date":"2023-10-16T12:19:15","date_gmt":"2023-10-16T12:19:15","guid":{"rendered":"https:\/\/muenchen.portugal.de\/?page_id=366"},"modified":"2023-10-16T12:26:46","modified_gmt":"2023-10-16T12:26:46","slug":"cnt-schal-und-betonbau","status":"publish","type":"page","link":"https:\/\/muenchen.portugal.de\/pt\/portugal-in-muenchen\/investitionen\/cnt-schal-und-betonbau\/","title":{"rendered":"CNT Schal und Betonbau"},"content":{"rendered":"<div data-elementor-type=\"wp-page\" data-elementor-id=\"366\" class=\"elementor elementor-366\">\n\t\t\t\t\t\t<section class=\"elementor-section elementor-top-section elementor-element elementor-element-172380f0 elementor-section-boxed elementor-section-height-default elementor-section-height-default\" data-id=\"172380f0\" data-element_type=\"section\" data-e-type=\"section\">\n\t\t\t\t\t\t<div class=\"elementor-container elementor-column-gap-default\">\n\t\t\t\t\t<div class=\"elementor-column elementor-col-100 elementor-top-column elementor-element elementor-element-56516123\" data-id=\"56516123\" data-element_type=\"column\" data-e-type=\"column\">\n\t\t\t<div class=\"elementor-widget-wrap elementor-element-populated\">\n\t\t\t\t\t\t<div class=\"elementor-element elementor-element-31d9c05e elementor-widget elementor-widget-image\" data-id=\"31d9c05e\" data-element_type=\"widget\" data-e-type=\"widget\" data-widget_type=\"image.default\">\n\t\t\t\t<div class=\"elementor-widget-container\">\n\t\t\t\t\t\t\t\t\t\t\t\t\t\t\t\t<a href=\"http:\/\/www.bree.com\">\n\t\t\t\t\t\t\t<img decoding=\"async\" width=\"216\" height=\"162\" src=\"https:\/\/muenchen.portugal.de\/wp-content\/uploads\/2023\/10\/cnt-e1697459047987.jpg\" class=\"attachment-medium size-medium wp-image-348\" alt=\"\" srcset=\"https:\/\/muenchen.portugal.de\/wp-content\/uploads\/2023\/10\/cnt-e1697459047987.jpg 216w, https:\/\/muenchen.portugal.de\/wp-content\/uploads\/2023\/10\/cnt-e1697459047987-16x12.jpg 16w\" sizes=\"100vw\" \/>\t\t\t\t\t\t\t\t<\/a>\n\t\t\t\t\t\t\t\t\t\t\t\t\t\t\t<\/div>\n\t\t\t\t<\/div>\n\t\t\t\t\t<\/div>\n\t\t<\/div>\n\t\t\t\t\t<\/div>\n\t\t<\/section>\n\t\t\t\t<section class=\"elementor-section elementor-top-section elementor-element elementor-element-6713503a elementor-section-boxed elementor-section-height-default elementor-section-height-default\" data-id=\"6713503a\" data-element_type=\"section\" data-e-type=\"section\">\n\t\t\t\t\t\t<div class=\"elementor-container elementor-column-gap-default\">\n\t\t\t\t\t<div class=\"elementor-column elementor-col-50 elementor-top-column elementor-element elementor-element-6dd956b8\" data-id=\"6dd956b8\" data-element_type=\"column\" data-e-type=\"column\">\n\t\t\t<div class=\"elementor-widget-wrap elementor-element-populated\">\n\t\t\t\t\t\t<div class=\"elementor-element elementor-element-79ca333e elementor-widget elementor-widget-heading\" data-id=\"79ca333e\" data-element_type=\"widget\" data-e-type=\"widget\" data-widget_type=\"heading.default\">\n\t\t\t\t<div class=\"elementor-widget-container\">\n\t\t\t\t\t<h3 class=\"elementor-heading-title elementor-size-default\">... in Portugal<\/h3>\t\t\t\t<\/div>\n\t\t\t\t<\/div>\n\t\t\t\t<div class=\"elementor-element elementor-element-6fb479f6 elementor-widget elementor-widget-text-editor\" data-id=\"6fb479f6\" data-element_type=\"widget\" data-e-type=\"widget\" data-widget_type=\"text-editor.default\">\n\t\t\t\t<div class=\"elementor-widget-container\">\n\t\t\t\t\t\t\t\t\t<p><strong>Name: <\/strong>Casais &#8211; Engenharia E Constru\u00e7\u00e3o, S.A.<\/p><p><strong>Standort: <\/strong>Rua do Anjo 27 &#8211; Apartado 2702, 4700-565 Mire de Tib\u00e3es<\/p><p><strong style=\"font-family: var( --e-global-typography-text-font-family ), Sans-serif;\">Branche: <\/strong>Dienstleistungen und Vertrieb &#8211; Bauwesen und \u00f6ffentliche Arbeiten<\/p>\t\t\t\t\t\t\t\t<\/div>\n\t\t\t\t<\/div>\n\t\t\t\t\t<\/div>\n\t\t<\/div>\n\t\t\t\t<div class=\"elementor-column elementor-col-50 elementor-top-column elementor-element elementor-element-5d963310\" data-id=\"5d963310\" data-element_type=\"column\" data-e-type=\"column\">\n\t\t\t<div class=\"elementor-widget-wrap elementor-element-populated\">\n\t\t\t\t\t\t<div class=\"elementor-element elementor-element-29ed26cb elementor-widget elementor-widget-heading\" data-id=\"29ed26cb\" data-element_type=\"widget\" data-e-type=\"widget\" data-widget_type=\"heading.default\">\n\t\t\t\t<div class=\"elementor-widget-container\">\n\t\t\t\t\t<h3 class=\"elementor-heading-title elementor-size-default\">... in Deutschland<\/h3>\t\t\t\t<\/div>\n\t\t\t\t<\/div>\n\t\t\t\t<div class=\"elementor-element elementor-element-52c8d9a0 elementor-widget elementor-widget-text-editor\" data-id=\"52c8d9a0\" data-element_type=\"widget\" data-e-type=\"widget\" data-widget_type=\"text-editor.default\">\n\t\t\t\t<div class=\"elementor-widget-container\">\n\t\t\t\t\t\t\t\t\t<p><strong>Name: <\/strong>CNT Schal und Betonbau<\/p><p><strong>Standort: <\/strong>Karl-Hromadnik-Str. 18, 81241 M\u00fcnchen<\/p><p><strong>Branche: <\/strong>Dienstleistungen und Vertrieb &#8211; Bauwesen und \u00f6ffentliche Arbeiten<\/p>\t\t\t\t\t\t\t\t<\/div>\n\t\t\t\t<\/div>\n\t\t\t\t\t<\/div>\n\t\t<\/div>\n\t\t\t\t\t<\/div>\n\t\t<\/section>\n\t\t\t\t<section class=\"elementor-section elementor-top-section elementor-element elementor-element-6ed9f71f elementor-section-boxed elementor-section-height-default elementor-section-height-default\" data-id=\"6ed9f71f\" data-element_type=\"section\" data-e-type=\"section\">\n\t\t\t\t\t\t<div class=\"elementor-container elementor-column-gap-default\">\n\t\t\t\t\t<div class=\"elementor-column elementor-col-50 elementor-top-column elementor-element elementor-element-38b87049\" data-id=\"38b87049\" data-element_type=\"column\" data-e-type=\"column\">\n\t\t\t<div class=\"elementor-widget-wrap elementor-element-populated\">\n\t\t\t\t\t\t<div class=\"elementor-element elementor-element-170cf896 elementor-align-left elementor-widget elementor-widget-button\" data-id=\"170cf896\" data-element_type=\"widget\" data-e-type=\"widget\" data-widget_type=\"button.default\">\n\t\t\t\t<div class=\"elementor-widget-container\">\n\t\t\t\t\t\t\t\t\t<div class=\"elementor-button-wrapper\">\n\t\t\t\t\t<a class=\"elementor-button elementor-button-link elementor-size-sm\" href=\"http:\/\/www.casais.pt\" target=\"_blank\">\n\t\t\t\t\t\t<span class=\"elementor-button-content-wrapper\">\n\t\t\t\t\t\t\t\t\t<span class=\"elementor-button-text\">Website<\/span>\n\t\t\t\t\t<\/span>\n\t\t\t\t\t<\/a>\n\t\t\t\t<\/div>\n\t\t\t\t\t\t\t\t<\/div>\n\t\t\t\t<\/div>\n\t\t\t\t\t<\/div>\n\t\t<\/div>\n\t\t\t\t<div class=\"elementor-column elementor-col-50 elementor-top-column elementor-element elementor-element-22affaf3\" data-id=\"22affaf3\" data-element_type=\"column\" data-e-type=\"column\">\n\t\t\t<div class=\"elementor-widget-wrap elementor-element-populated\">\n\t\t\t\t\t\t<div class=\"elementor-element elementor-element-6238f361 elementor-align-left elementor-widget elementor-widget-button\" data-id=\"6238f361\" data-element_type=\"widget\" data-e-type=\"widget\" data-widget_type=\"button.default\">\n\t\t\t\t<div class=\"elementor-widget-container\">\n\t\t\t\t\t\t\t\t\t<div class=\"elementor-button-wrapper\">\n\t\t\t\t\t<a class=\"elementor-button elementor-button-link elementor-size-sm\" href=\"http:\/\/cnt-germany.com\" target=\"_blank\">\n\t\t\t\t\t\t<span class=\"elementor-button-content-wrapper\">\n\t\t\t\t\t\t\t\t\t<span class=\"elementor-button-text\">Website<\/span>\n\t\t\t\t\t<\/span>\n\t\t\t\t\t<\/a>\n\t\t\t\t<\/div>\n\t\t\t\t\t\t\t\t<\/div>\n\t\t\t\t<\/div>\n\t\t\t\t\t<\/div>\n\t\t<\/div>\n\t\t\t\t\t<\/div>\n\t\t<\/section>\n\t\t\t\t<\/div>","protected":false},"excerpt":{"rendered":"<p>&#8230; in Portugal Name: Casais &#8211; Engenharia E Constru\u00e7\u00e3o, S.A. Standort: Rua do Anjo 27 &#8211; Apartado 2702, 4700-565 Mire de Tib\u00e3es Branche: Dienstleistungen und Vertrieb &#8211; Bauwesen und \u00f6ffentliche Arbeiten &#8230; in Deutschland Name: CNT Schal und Betonbau Standort: Karl-Hromadnik-Str. 18, 81241 M\u00fcnchen Branche: Dienstleistungen und Vertrieb &#8211; Bauwesen und \u00f6ffentliche Arbeiten Website Website<\/p>","protected":false},"author":2,"featured_media":0,"parent":61,"menu_order":0,"comment_status":"closed","ping_status":"closed","template":"","meta":{"inspiro_hide_title":false,"footnotes":""},"class_list":["post-366","page","type-page","status-publish","hentry"],"_links":{"self":[{"href":"https:\/\/muenchen.portugal.de\/pt\/wp-json\/wp\/v2\/pages\/366","targetHints":{"allow":["GET"]}}],"collection":[{"href":"https:\/\/muenchen.portugal.de\/pt\/wp-json\/wp\/v2\/pages"}],"about":[{"href":"https:\/\/muenchen.portugal.de\/pt\/wp-json\/wp\/v2\/types\/page"}],"author":[{"embeddable":true,"href":"https:\/\/muenchen.portugal.de\/pt\/wp-json\/wp\/v2\/users\/2"}],"replies":[{"embeddable":true,"href":"https:\/\/muenchen.portugal.de\/pt\/wp-json\/wp\/v2\/comments?post=366"}],"version-history":[{"count":5,"href":"https:\/\/muenchen.portugal.de\/pt\/wp-json\/wp\/v2\/pages\/366\/revisions"}],"predecessor-version":[{"id":394,"href":"https:\/\/muenchen.portugal.de\/pt\/wp-json\/wp\/v2\/pages\/366\/revisions\/394"}],"up":[{"embeddable":true,"href":"https:\/\/muenchen.portugal.de\/pt\/wp-json\/wp\/v2\/pages\/61"}],"wp:attachment":[{"href":"https:\/\/muenchen.portugal.de\/pt\/wp-json\/wp\/v2\/media?parent=366"}],"curies":[{"name":"wp","href":"https:\/\/api.w.org\/{rel}","templated":true}]}}